{"id":474,"date":"2023-02-02T14:34:45","date_gmt":"2023-02-02T14:34:45","guid":{"rendered":"https:\/\/therapie-und-mehr.at\/?page_id=474"},"modified":"2023-02-08T10:38:36","modified_gmt":"2023-02-08T10:38:36","slug":"di-in-natalie-kirchbaumer","status":"publish","type":"page","link":"https:\/\/therapie-und-mehr.at\/?page_id=474","title":{"rendered":"DI Natalie Kirchbaumer"},"content":{"rendered":"\n<div class=\"is-layout-constrained wp-block-group\"><div class=\"wp-block-group__inner-container\">\n<div class=\"wp-block-media-text alignwide is-stacked-on-mobile is-style-default\"><figure class=\"wp-block-media-text__media\"><img decoding=\"async\" loading=\"lazy\" width=\"280\" height=\"187\" src=\"https:\/\/therapie-und-mehr.at\/wp-content\/uploads\/2023\/02\/grafik-5.png\" alt=\"\" class=\"wp-image-486 size-full\"\/><\/figure><div class=\"wp-block-media-text__content\">\n<p>Somatic-Experiencing-Practitioner<\/p>\n\n\n\n<p>Traumatherapeutin<\/p>\n\n\n\n<p>Psychotherapeutin<\/p>\n<\/div><\/div>\n\n\n\n<div class=\"is-layout-flex wp-block-buttons\">\n<div class=\"wp-block-button\"><a class=\"wp-block-button__link wp-element-button\" href=\"https:\/\/therapie-und-mehr.at\/?page_id=168\">Gestalttherapie<\/a><\/div>\n\n\n\n<div class=\"wp-block-button\"><a class=\"wp-block-button__link wp-element-button\">Somatic Experiencing<\/a><\/div>\n<\/div>\n<\/div><\/div>\n\n\n\n<p>Sitzungen biete ich auf Deutsch, Englisch und Spanisch an.<\/p>\n\n\n\n<p><\/p>\n\n\n\n<p><strong>Angebot: <\/strong><\/p>\n\n\n\n<ul>\n<li>Traumatherapie (Somatic Experiencing)<\/li>\n\n\n\n<li>Psychotherapie (Integrative Gestalttherapie)<\/li>\n\n\n\n<li>Selbsterfahrung<\/li>\n<\/ul>\n\n\n\n<p><\/p>\n\n\n\n<p><strong>Ausbildungen:<\/strong><\/p>\n\n\n\n<div class=\"is-layout-constrained wp-block-group\"><div class=\"wp-block-group__inner-container\">\n<ul>\n<li>Somatic Experiencing Practitioner &#8211; traumatherapeutische Fortbildung am UTA-K\u00f6ln<\/li>\n\n\n\n<li>Psychotherapeutisches Fachspezifikum am Institut f\u00fcr Integrative Gestalttherapie Wien<\/li>\n\n\n\n<li>Psychotherapeutisches Prop\u00e4deutikum bei der ARGE-Bildungsmanagement Wien<\/li>\n<\/ul>\n\n\n\n<p><\/p>\n\n\n\n<p><\/p>\n<\/div><\/div>\n\n\n\n<p><strong>psychotherapeutische Erfahrungen:<\/strong><\/p>\n\n\n\n<ul>\n<li>Arbeit in freier Praxis seit 2017<\/li>\n\n\n\n<li>Arbeit bei INTAKT &#8211; Therapieeinrichtung f\u00fcr Menschen mit Essst\u00f6rungen<\/li>\n\n\n\n<li>T\u00e4tigkeit an der Medizinischen Universit\u00e4t Wien, Universit\u00e4tsklinik f\u00fcr Psychiatrie und Psychotherapie, Klinische Abteilung f\u00fcr Sozialpsychiatrie<\/li>\n\n\n\n<li>T\u00e4tigkeit am Klinikum Klagenfurt am W\u00f6rthersee, Station f\u00fcr Psychotherapie und Psychosomatik<\/li>\n<\/ul>\n\n\n\n<p><\/p>\n\n\n\n<p><strong>Arbeitsfelder:<\/strong><\/p>\n\n\n\n<ul>\n<li>Angst- und Panikattacken<\/li>\n\n\n\n<li>Arbeit und Beruf<\/li>\n\n\n\n<li>belastende Situationen, Krisenbew\u00e4ltigung, Lebenskrisen<\/li>\n\n\n\n<li>Beziehung und Partnerschaft, Trennung<\/li>\n\n\n\n<li>Depressionen, Burnout<\/li>\n\n\n\n<li>Essst\u00f6rungen<\/li>\n\n\n\n<li>Familie, famili\u00e4re Konflikte<\/li>\n\n\n\n<li>Migration, Integration und kulturspezifische Themen<\/li>\n\n\n\n<li>Orientierungssuche, Sinnfindung<\/li>\n\n\n\n<li>Pers\u00f6nlichkeitsentwicklung<\/li>\n\n\n\n<li>psychosomatische Erkrankungen<\/li>\n\n\n\n<li>Tod, Trauer, Verlust<\/li>\n\n\n\n<li>traumatische Erlebnisse, posttraumatische Belastungsst\u00f6runge<\/li>\n<\/ul>\n\n\n\n<p><\/p>\n\n\n\n<p><strong>Kontakt:<\/strong><\/p>\n\n\n\n<p>+43 677 \/ 6198 3215<br><a href=\"mailto:nk@therapie-und-mehr.at\">nk@therapie-und-mehr.at<\/a><br>Website: <a href=\"http:\/\/www.psychotherapie4u-wien.at\">www.psychotherapie4u-wien.at<\/a><\/p>\n","protected":false},"excerpt":{"rendered":"<p>Somatic-Experiencing-Practitioner Traumatherapeutin Psychotherapeutin Sitzungen biete ich auf Deutsch, Englisch und Spanisch an. Angebot: Ausbildungen: psychotherapeutische Erfahrungen: Arbeitsfelder: Kontakt: +43 677 \/ 6198 3215nk@therapie-und-mehr.atWebsite: www.psychotherapie4u-wien.at<\/p>\n","protected":false},"author":1,"featured_media":0,"parent":0,"menu_order":0,"comment_status":"closed","ping_status":"closed","template":"","meta":[],"_links":{"self":[{"href":"https:\/\/therapie-und-mehr.at\/index.php?rest_route=\/wp\/v2\/pages\/474"}],"collection":[{"href":"https:\/\/therapie-und-mehr.at\/index.php?rest_route=\/wp\/v2\/pages"}],"about":[{"href":"https:\/\/therapie-und-mehr.at\/index.php?rest_route=\/wp\/v2\/types\/page"}],"author":[{"embeddable":true,"href":"https:\/\/therapie-und-mehr.at\/index.php?rest_route=\/wp\/v2\/users\/1"}],"replies":[{"embeddable":true,"href":"https:\/\/therapie-und-mehr.at\/index.php?rest_route=%2Fwp%2Fv2%2Fcomments&post=474"}],"version-history":[{"count":8,"href":"https:\/\/therapie-und-mehr.at\/index.php?rest_route=\/wp\/v2\/pages\/474\/revisions"}],"predecessor-version":[{"id":511,"href":"https:\/\/therapie-und-mehr.at\/index.php?rest_route=\/wp\/v2\/pages\/474\/revisions\/511"}],"wp:attachment":[{"href":"https:\/\/therapie-und-mehr.at\/index.php?rest_route=%2Fwp%2Fv2%2Fmedia&parent=474"}],"curies":[{"name":"wp","href":"https:\/\/api.w.org\/{rel}","templated":true}]}}